{"id":989,"date":"2021-11-26T12:52:50","date_gmt":"2021-11-26T11:52:50","guid":{"rendered":"https:\/\/carbon-turn.com\/?page_id=989"},"modified":"2024-07-15T13:54:49","modified_gmt":"2024-07-15T11:54:49","slug":"quienes-somos","status":"publish","type":"page","link":"https:\/\/carbon-turn.com\/es\/quienes-somos\/","title":{"rendered":"Qui\u00e9nes somos"},"content":{"rendered":"<div class=\"wpb-content-wrapper\"><p>[vc_row unlock_row_content=\u00bbyes\u00bb row_height_percent=\u00bb0&#8243; back_color=\u00bbcolor-lxmt\u00bb overlay_alpha=\u00bb50&#8243; equal_height=\u00bbyes\u00bb gutter_size=\u00bb3&#8243; column_width_percent=\u00bb100&#8243; shift_y=\u00bb0&#8243; z_index=\u00bb0&#8243; el_class=\u00bbrow-full\u00bb][vc_column column_width_percent=\u00bb100&#8243; gutter_size=\u00bb3&#8243; back_image=\u00bb837&#8243; back_repeat=\u00bbno-repeat\u00bb overlay_alpha=\u00bb50&#8243; shift_x=\u00bb0&#8243; shift_y=\u00bb0&#8243; shift_y_down=\u00bb0&#8243; z_index=\u00bb0&#8243; medium_width=\u00bb0&#8243; mobile_width=\u00bb0&#8243; width=\u00bb1\/2&#8243; css=\u00bb.vc_custom_1623760257229{padding-bottom: 15vh !important;}\u00bb el_class=\u00bbheader-resp\u00bb][\/vc_column][vc_column column_width_percent=\u00bb100&#8243; gutter_size=\u00bb3&#8243; overlay_alpha=\u00bb50&#8243; shift_x=\u00bb0&#8243; shift_y=\u00bb0&#8243; shift_y_down=\u00bb0&#8243; z_index=\u00bb0&#8243; medium_width=\u00bb0&#8243; mobile_width=\u00bb0&#8243; width=\u00bb1\/2&#8243; css=\u00bb.vc_custom_1619098094779{padding-top: 5vh !important;padding-right: 5vw !important;padding-bottom: 5vh !important;padding-left: 5vw !important;}\u00bb][vc_custom_heading heading_semantic=\u00bbh1&#8243; text_size=\u00bbh1&#8243;]Qui\u00e9nes somos[\/vc_custom_heading][vc_column_text uncode_shortcode_id=\u00bb177275&#8243;]<span style=\"font-family: 'Lexend Mega', sans-serif; font-weight: 600; color: #00aaff; letter-spacing: -1px;\">CARBON<\/span> <span style=\"font-family: 'Lexend Mega', sans-serif; font-weight: 600; color: #4d4d4d; letter-spacing: -1px;\">TURNAROUND<\/span>\u00a0 es una empresa l\u00edder en consultor\u00eda y asesoramiento comprometida con la transformaci\u00f3n de nuestra econom\u00eda y sociedad hacia una sociedad de cero carb\u00f3n. Nuestra misi\u00f3n es la reducci\u00f3n de las emisiones de gases de efecto invernadero hasta un nivel sostenible que evite el desastroso cambio clim\u00e1tico, impulsando la transformaci\u00f3n de nuestro sistema econ\u00f3mico hacia la circularidad sostenible. Junto con nuestros clientes, identificamos y analizamos los problemas de sostenibilidad y las ineficiencias en el uso de los recursos en sus procesos de producci\u00f3n con el fin de desarrollar soluciones sostenibles y rentables. Contamos con un equipo internacional de expertos que dedican su carrera profesional a temas como:<\/p>\n<ul>\n<li>el cambio clim\u00e1tico<\/li>\n<li>cr\u00e9ditos de carbono<\/li>\n<li>circularidad<\/li>\n<li>pol\u00edtica clim\u00e1tica<\/li>\n<li>energ\u00edas renovables<\/li>\n<li>eficiencia energ\u00e9tica<\/li>\n<li>almacenamiento de energ\u00eda<\/li>\n<li>sostenibilidad<\/li>\n<li>y otros campos medioambientales<\/li>\n<\/ul>\n<h3 style=\"text-align: justify;\">\u00danase a nuestro equipo<\/h3>\n<p>Buscamos constantemente ampliar nuestra experiencia y oferta de servicios para nuestros clientes. Nuestro enfoque hol\u00edstico e interdisciplinario requiere un s\u00f3lido equipo de profesionales con diversas formaciones y experiencias. Si comparte nuestra visi\u00f3n de una transformaci\u00f3n sostenible hacia una econom\u00eda neutral al carbono y quiere formar parte de nuestro equipo, \u00a1h\u00e1ganoslo saber! Estamos muy abiertos a discutir diferentes modelos de cooperaci\u00f3n para proyectos espec\u00edficos en los que estamos trabajando, con la ambici\u00f3n de liderar la revoluci\u00f3n del carbono hacia una econom\u00eda neutral al carbono.[\/vc_column_text][vc_button button_color=\u00bbcolor-199093&#8243; radius=\u00bbbtn-square\u00bb border_animation=\u00bbbtn-ripple-out\u00bb hover_fx=\u00bbfull-colored\u00bb border_width=\u00bb0&#8243; link=\u00bburl:https%3A%2F%2Fcarbon-turn.com%2Fes%2Fcontacto%2F|title:Contacto\u00bb button_color_type=\u00bbuncode-palette\u00bb uncode_shortcode_id=\u00bb170894&#8243;]CONT\u00c1CTENOS[\/vc_button][\/vc_column][\/vc_row][vc_row unlock_row_content=\u00bbyes\u00bb row_height_percent=\u00bb0&#8243; overlay_alpha=\u00bb50&#8243; gutter_size=\u00bb0&#8243; column_width_percent=\u00bb100&#8243; shift_y=\u00bb0&#8243; z_index=\u00bb0&#8243; el_class=\u00bbrow-full\u00bb][vc_column column_width_percent=\u00bb100&#8243; position_vertical=\u00bbmiddle\u00bb align_horizontal=\u00bbalign_center\u00bb gutter_size=\u00bb3&#8243; back_color=\u00bbcolor-gyho\u00bb overlay_alpha=\u00bb50&#8243; shift_x=\u00bb0&#8243; shift_y=\u00bb0&#8243; shift_y_down=\u00bb0&#8243; z_index=\u00bb0&#8243; medium_width=\u00bb0&#8243; mobile_width=\u00bb0&#8243; width=\u00bb1\/4&#8243; link_to=\u00bburl:%2Fes%2Fquienes-somos%2F%23founder-management|title:Founder%20%26%20Management\u00bb uncode_shortcode_id=\u00bb562621&#8243; back_color_type=\u00bbuncode-palette\u00bb][vc_single_image media=\u00bb713&#8243; media_width_percent=\u00bb20&#8243; alignment=\u00bbcenter\u00bb][vc_column_text uncode_shortcode_id=\u00bb143163&#8243;]<\/p>\n<h4 style=\"text-align: center;\">FUNDADOR Y DIRECCI\u00d3N<\/h4>\n<p>[\/vc_column_text][vc_icon position=\u00bbbottom\u00bb icon=\u00bbfa fa-chevron-down\u00bb icon_color=\u00bbcolor-199093&#8243; size=\u00bbfa-2x\u00bb css_animation=\u00bbtop-t-bottom\u00bb el_class=\u00bbicon-aboutus\u00bb][\/vc_icon][\/vc_column][vc_column column_width_percent=\u00bb100&#8243; position_vertical=\u00bbmiddle\u00bb align_horizontal=\u00bbalign_center\u00bb gutter_size=\u00bb3&#8243; back_color=\u00bbcolor-uydo\u00bb overlay_alpha=\u00bb50&#8243; shift_x=\u00bb0&#8243; shift_y=\u00bb0&#8243; shift_y_down=\u00bb0&#8243; z_index=\u00bb0&#8243; medium_width=\u00bb0&#8243; mobile_width=\u00bb0&#8243; width=\u00bb1\/4&#8243; link_to=\u00bburl:%2Fes%2Fquienes-somos%2F%23our-strenghts|title:Our%20Strenghts\u00bb uncode_shortcode_id=\u00bb154353&#8243; back_color_type=\u00bbuncode-palette\u00bb][vc_single_image media=\u00bb714&#8243; media_width_percent=\u00bb20&#8243; alignment=\u00bbcenter\u00bb][vc_column_text]<\/p>\n<h4 style=\"text-align: center;\">NUESTROS PUNTOS FUERTES<\/h4>\n<p>[\/vc_column_text][vc_icon position=\u00bbbottom\u00bb icon=\u00bbfa fa-chevron-down\u00bb icon_color=\u00bbcolor-199093&#8243; size=\u00bbfa-2x\u00bb css_animation=\u00bbtop-t-bottom\u00bb el_class=\u00bbicon-aboutus\u00bb][\/vc_icon][\/vc_column][vc_column column_width_percent=\u00bb100&#8243; align_horizontal=\u00bbalign_center\u00bb gutter_size=\u00bb3&#8243; back_color=\u00bbcolor-gyho\u00bb overlay_alpha=\u00bb50&#8243; shift_x=\u00bb0&#8243; shift_y=\u00bb0&#8243; shift_y_down=\u00bb0&#8243; z_index=\u00bb0&#8243; medium_width=\u00bb0&#8243; mobile_width=\u00bb0&#8243; width=\u00bb1\/4&#8243; link_to=\u00bburl:%2Fes%2Fquienes-somos%2F%23consulting-partners|title:Consulting%20Partners\u00bb uncode_shortcode_id=\u00bb994025&#8243; back_color_type=\u00bbuncode-palette\u00bb][vc_single_image media=\u00bb716&#8243; media_width_percent=\u00bb20&#8243; alignment=\u00bbcenter\u00bb][vc_column_text]<\/p>\n<h4 style=\"text-align: center;\">NUESTROS SOCIOS CONSULTORES<\/h4>\n<p>[\/vc_column_text][vc_icon position=\u00bbbottom\u00bb icon=\u00bbfa fa-chevron-down\u00bb icon_color=\u00bbcolor-199093&#8243; size=\u00bbfa-2x\u00bb css_animation=\u00bbtop-t-bottom\u00bb el_class=\u00bbicon-aboutus\u00bb][\/vc_icon][\/vc_column][vc_column column_width_percent=\u00bb100&#8243; align_horizontal=\u00bbalign_center\u00bb gutter_size=\u00bb3&#8243; back_color=\u00bbcolor-uydo\u00bb overlay_alpha=\u00bb50&#8243; shift_x=\u00bb0&#8243; shift_y=\u00bb0&#8243; shift_y_down=\u00bb0&#8243; z_index=\u00bb0&#8243; medium_width=\u00bb0&#8243; mobile_width=\u00bb0&#8243; width=\u00bb1\/4&#8243; link_to=\u00bburl:%2Fes%2Fquienes-somos%2F%23technology-partners|title:Technology%20Partners\u00bb uncode_shortcode_id=\u00bb996140&#8243; back_color_type=\u00bbuncode-palette\u00bb][vc_single_image media=\u00bb715&#8243; media_width_percent=\u00bb20&#8243; alignment=\u00bbcenter\u00bb][vc_column_text]<\/p>\n<h4 style=\"text-align: center;\">NUESTROS SOCIOS TECNOL\u00d3GICOS<\/h4>\n<p>[\/vc_column_text][vc_icon position=\u00bbbottom\u00bb icon=\u00bbfa fa-chevron-down\u00bb icon_color=\u00bbcolor-199093&#8243; size=\u00bbfa-2x\u00bb css_animation=\u00bbtop-t-bottom\u00bb el_class=\u00bbicon-aboutus\u00bb][\/vc_icon][\/vc_column][\/vc_row][vc_row row_height_percent=\u00bb0&#8243; overlay_alpha=\u00bb50&#8243; gutter_size=\u00bb3&#8243; column_width_percent=\u00bb100&#8243; shift_y=\u00bb0&#8243; z_index=\u00bb0&#8243; css=\u00bb.vc_custom_1623150146496{padding-top: 8vh !important;padding-bottom: 5vh !important;}\u00bb el_id=\u00bbfounder-management\u00bb][vc_column column_width_percent=\u00bb100&#8243; gutter_size=\u00bb3&#8243; overlay_alpha=\u00bb50&#8243; shift_x=\u00bb0&#8243; shift_y=\u00bb0&#8243; shift_y_down=\u00bb0&#8243; z_index=\u00bb0&#8243; medium_width=\u00bb0&#8243; mobile_width=\u00bb0&#8243; width=\u00bb1\/4&#8243; el_class=\u00bbcv-img-contact\u00bb][vc_single_image media=\u00bb368&#8243; media_width_percent=\u00bb50&#8243; alignment=\u00bbcenter\u00bb shape=\u00bbimg-circle\u00bb uncode_shortcode_id=\u00bb109767&#8243;][vc_column_text]<\/p>\n<p style=\"text-align: center;\"><a href=\"mailto:ragossnig@carbon-turn.com\">ragossnig@carbon-turn.com<\/a><br \/>\n<a href=\"tel:00436763505989\">+43 676 35 05 989<\/a><\/p>\n<p>[\/vc_column_text][vc_icon position=\u00bbleft\u00bb display=\u00bbinline\u00bb icon=\u00bbfa fa-linkedin-square\u00bb icon_color=\u00bbcolor-199093&#8243; size=\u00bbfa-3x\u00bb heading_semantic=\u00bbh4&#8243; link=\u00bburl:https%3A%2F%2Fwww.linkedin.com%2Fin%2Fherwig-andreas-ragossnig-68b04913%2F|target:_blank\u00bb][\/vc_icon][\/vc_column][vc_column width=\u00bb3\/4&#8243;][vc_column_text uncode_shortcode_id=\u00bb537293&#8243;]<\/p>\n<h3 style=\"text-align: justify;\"><strong>HERWIG A. RAGOSSNIG<\/strong><\/h3>\n<p style=\"text-align: left;\"><strong>Fundador y Socio Gerente<\/strong><\/p>\n<p>En 2020, Herwig A. Ragossnig fund\u00f3 <span style=\"font-family: 'Lexend Mega', sans-serif; font-weight: 600; color: #00aaff; letter-spacing: -1px;\">CARBON<\/span> <span style=\"font-family: 'Lexend Mega', sans-serif; font-weight: 600; color: #4d4d4d; letter-spacing: -1px;\">TURNAROUND<\/span>, con el objetivo de convertirse en una empresa de ingenier\u00eda de consultor\u00eda l\u00edder que apoye a sus clientes en el viaje a la transformaci\u00f3n hacia la descarbonizaci\u00f3n y la sostenibilidad. Herwig cuenta con una trayectoria profesional de 20 a\u00f1os en puestos de desarrollo empresarial y de proyectos, siempre relacionados con la sostenibilidad y las energ\u00edas renovables. Su formaci\u00f3n acad\u00e9mica interdisciplinar abarca las ciencias medioambientales, las energ\u00edas renovables, el almacenamiento de energ\u00eda y el cambio clim\u00e1tico, mientras que su experiencia en sostenibilidad y silvicultura en particular, le dan una visi\u00f3n global, integrada y hol\u00edstica de c\u00f3mo debe ser la transformaci\u00f3n hacia la sostenibilidad.<\/p>\n<p>Recientemente, Herwig ha dirigido la entrada en el mercado y el desarrollo empresarial de su cliente ENGIE Impact en la regi\u00f3n de Alemania y Austria. ENGIE Impact pertenece al Grupo ENGIE y es un proveedor integral de servicios de sostenibilidad para clientes corporativos. Durante muchos a\u00f1os estuvo activo en Am\u00e9rica Latina en puestos de desarrollo de negocios en el sector solar y de bioenerg\u00eda para empresas europeas interesadas en los mercados emergentes de energ\u00edas renovables en Am\u00e9rica Latina. Entre 2015 y 2020 fue jefe de desarrollo de negocios en Am\u00e9rica Latina para NEC Energy Solutions, una de las empresas l\u00edderes en soluciones de almacenamiento de energ\u00eda a gran escala conectadas a la red con bater\u00edas de litio. Durante este tiempo se han implementado varios proyectos de almacenamiento en Chile, Colombia y Brasil. Entre 2008 y 2012 estuvo a cargo del desarrollo de negocios en el mercado latinoamericano para SEEGER ENGINEERING, una empresa de ingenier\u00eda especializada en proyectos de bioenerg\u00eda y energ\u00edas renovables.<\/p>\n<p>Los cargos anteriores de Herwig incluyen su trabajo en la prestigiosa Universidad de Leuphana en L\u00fcneburg, Alemania, como asistente de investigaci\u00f3n y docente en el Centro de Gesti\u00f3n de la Sostenibilidad, as\u00ed como su paso por la Casa Europea de las Energ\u00edas Renovables en Bruselas, donde particip\u00f3 activamente para la Asociaci\u00f3n Europea de la Biomasa (AEBIOM) en actividades de lobbying a favor de la industria europea de bioenerg\u00eda.<\/p>\n<p>Herwig es licenciado en Desarrollo de Energ\u00edas Renovables por la Universidad Heriot-Watt de Edimburgo (Reino Unido). Tambi\u00e9n tiene un m\u00e1ster en Ciencias del Sistema Medioambiental por la Universidad Karl-Franzens de Graz (Austria).[\/vc_column_text][\/vc_column][\/vc_row][vc_row row_height_percent=\u00bb0&#8243; back_color=\u00bbcolor-lxmt\u00bb overlay_alpha=\u00bb50&#8243; gutter_size=\u00bb3&#8243; column_width_percent=\u00bb100&#8243; shift_y=\u00bb0&#8243; z_index=\u00bb0&#8243; css=\u00bb.vc_custom_1621230643453{padding-top: 5vh !important;padding-bottom: 5vh !important;}\u00bb][vc_column column_width_percent=\u00bb100&#8243; gutter_size=\u00bb3&#8243; overlay_alpha=\u00bb50&#8243; shift_x=\u00bb0&#8243; shift_y=\u00bb0&#8243; shift_y_down=\u00bb0&#8243; z_index=\u00bb0&#8243; medium_width=\u00bb0&#8243; mobile_width=\u00bb0&#8243; width=\u00bb1\/4&#8243; el_class=\u00bbcv-img-contact\u00bb][vc_single_image media=\u00bb367&#8243; media_width_percent=\u00bb50&#8243; alignment=\u00bbcenter\u00bb shape=\u00bbimg-circle\u00bb uncode_shortcode_id=\u00bb924590&#8243;][vc_column_text]<\/p>\n<p style=\"text-align: center;\"><a href=\"mailto:office@carbon-turn.com\">office@carbon-turn.com<\/a><br \/>\n<a href=\"tel:004366488271200\">+43 664 88 27 12 00<\/a><\/p>\n<p>[\/vc_column_text][vc_icon position=\u00bbleft\u00bb display=\u00bbinline\u00bb icon=\u00bbfa fa-linkedin-square\u00bb icon_color=\u00bbcolor-199093&#8243; size=\u00bbfa-3x\u00bb heading_semantic=\u00bbh4&#8243; link=\u00bburl:https%3A%2F%2Fwww.linkedin.com%2Fin%2Farne-m-ragossnig-b5b49491%2F|target:_blank\u00bb][\/vc_icon][\/vc_column][vc_column width=\u00bb3\/4&#8243;][vc_column_text]<\/p>\n<h3 style=\"text-align: justify;\"><strong>ARNE M. RAGOSSNIG<\/strong><\/h3>\n<p style=\"text-align: justify;\"><strong>Cofundador y Socio<\/strong><\/p>\n<p>Desde 2013, Arne M. Ragossnig es director general de la empresa austriaca de ingenier\u00eda y consultor\u00eda Ecoconsultants, uno de los principales proveedores de servicios en este campo en Austria. Como cofundador, su papel en <span style=\"font-family: 'Lexend Mega', sans-serif; font-weight: 600; color: #00aaff; letter-spacing: -1px;\">CARBON<\/span> <span style=\"font-family: 'Lexend Mega', sans-serif; font-weight: 600; color: #4d4d4d; letter-spacing: -1px;\">TURNAROUND<\/span>\u00a0consiste en facilitar la internacionalizaci\u00f3n de los exitosos servicios de ingenier\u00eda y expertos en GreenTech a nuevos mercados. Su foco de competencia comprende la gesti\u00f3n de residuos, el reciclaje y la econom\u00eda circular en general. A comienzos de septiembre de 2020, fue elegido vicepresidente de la Asociaci\u00f3n Internacional de Residuos S\u00f3lidos (ISWA), la principal red mundial del sector en gesti\u00f3n de residuos. Desde enero de 2018 hasta diciembre de 2019, Arne ocup\u00f3 el cargo de director general de ISWA. Es profesor en varias universidades y tiene una c\u00e1tedra honoraria en la Universidad de Ciencias Aplicadas de Burgenland (Austria), donde tambi\u00e9n fue vicerrector, profesor y director de investigaci\u00f3n y desarrollo en el Departamento de Gesti\u00f3n Energ\u00e9tica y Medioambiental en los a\u00f1os 2004\u20132013. Como director del programa, fue responsable del programa de m\u00e1ster \u201cSistemas de Energ\u00eda Sostenible\u201d y \u201cGesti\u00f3n de la Energ\u00eda y el Medio Ambiente\u201d. Es miembro del consejo consultivo cient\u00edfico de varias conferencias internacionales, as\u00ed como redactor jefe de la revista cient\u00edfica <em>Waste Management &amp; Research<\/em>. Entre sus afiliaciones anteriores se incluye su colaboraci\u00f3n en la industria en VA Tech Wabag, as\u00ed como su cargo como profesor adjunto y subdirector del Instituto de Tecnolog\u00edas de Eliminaci\u00f3n y Vertido de la Universidad de Leoben, Austria. Arne M. Ragossnig es autor y coautor de m\u00e1s de 100 publicaciones, incluidas m\u00e1s de 30 publicaciones invitadas y revisadas por pares.<\/p>\n<p>Arne es doctor en Ingenier\u00eda Medioambiental, Tecnolog\u00edas de Reciclaje y Eliminaci\u00f3n por la Universidad de Leoben (Austria). Adem\u00e1s, tiene un m\u00e1ster en Gesti\u00f3n en Ingenier\u00eda por la Universidad de Oakland, en Michigan, Estados Unidos.[\/vc_column_text][\/vc_column][\/vc_row][vc_row row_height_percent=\u00bb0&#8243; overlay_alpha=\u00bb50&#8243; gutter_size=\u00bb4&#8243; column_width_percent=\u00bb100&#8243; shift_y=\u00bb0&#8243; z_index=\u00bb0&#8243; css=\u00bb.vc_custom_1622638049475{padding-top: 8vh !important;padding-bottom: 8vh !important;}\u00bb el_id=\u00bbour-strenghts\u00bb][vc_column width=\u00bb1\/2&#8243;][vc_separator sep_color=\u00bbcolor-wvjs\u00bb][vc_custom_heading heading_semantic=\u00bbh1&#8243; text_size=\u00bbh1&#8243;]Nuestros puntos fuertes[\/vc_custom_heading][vc_column_text]<span style=\"font-family: 'Lexend Mega', sans-serif; font-weight: 600; color: #00aaff; letter-spacing: -1px;\">CARBON<\/span> <span style=\"font-family: 'Lexend Mega', sans-serif; font-weight: 600; color: #4d4d4d; letter-spacing: -1px;\">TURNAROUND<\/span>\u00a0sigue un enfoque claramente hol\u00edstico que tiene en cuenta todas las dimensiones relevantes para una verdadera transformaci\u00f3n sostenible de nuestros procesos econ\u00f3micos. Junto a nuestros clientes, analizamos su situaci\u00f3n actual con un equipo independiente e interdisciplinar para identificar los retos presentes en materia de sostenibilidad e identificar soluciones eficientes desde el punto de vista del clima y los recursos. Este proceso de co-creaci\u00f3n nos permite encontrar respuestas orientadas al negocio y a las soluciones que se traducen en una ventaja competitiva para nuestros clientes y los convierten en l\u00edderes en la transformaci\u00f3n hacia una econom\u00eda neutral en carbono.<\/p>\n<p>Para las empresas orientadas al largo plazo no actuar no es una opci\u00f3n, ya que el proceso de transformaci\u00f3n ya est\u00e1 en marcha:[\/vc_column_text][vc_column_text css=\u00bb.vc_custom_1638177072951{margin-top: 10px !important;}\u00bb uncode_shortcode_id=\u00bb877856&#8243;]<\/p>\n<p style=\"color: #00aaff; text-align: center;\"><em>\u201cDesde el punto de vista empresarial, <strong style=\"color: #00aaff;\">la transici\u00f3n hacia una econom\u00eda \u2018cero carb\u00f3n\u2019 ha superado un punto de inflexi\u00f3n<\/strong>. Las grandes empresas p\u00fablicas se enfrentan ahora a la presi\u00f3n de eliminar las emisiones de carbono de sus cadenas de suministro, de operaciones y de productos y servicios, o de los proveedores de capital de sus emisiones financiadas. <strong style=\"color: #00aaff;\">Y esta presi\u00f3n se intensificar\u00e1 y se extender\u00e1<\/strong>, tanto a las empresas p\u00fablicas m\u00e1s peque\u00f1as como a las privadas. <strong style=\"color: #00aaff;\">No habr\u00e1 lugar para esconderse\u201d<\/strong>.<\/em><\/p>\n<p style=\"font-size: 0.8em; text-align: center;\">Cita de <a href=\"https:\/\/fortune.com\/2021\/04\/22\/corporate-net-zero-carbon-emissions-plans-climate-change-business-strategy\/\" target=\"_blank\" rel=\"noopener\">Fortune<\/a><\/p>\n<p>[\/vc_column_text][\/vc_column][vc_column width=\u00bb1\/2&#8243;][uncode_list larger=\u00bbyes\u00bb icon=\u00bbfa fa-angle-right\u00bb icon_color=\u00bbcolor-199093&#8243; uncode_shortcode_id=\u00bb643608&#8243; icon_color_type=\u00bbuncode-palette\u00bb]<\/p>\n<h4><strong>Independencia<\/strong><\/h4>\n<p style=\"line-height: 1.6em;\">Nuestro trabajo es completamente independiente y agn\u00f3stico desde el punto de vista tecnol\u00f3gico. Para cada cliente y cada situaci\u00f3n particular, identificamos la mejor respuesta tecnol\u00f3gica y econ\u00f3mica disponible para un determinado reto de sostenibilidad. Esta independencia nos permite encontrar soluciones reales sin que se genere p\u00e9rdida de inter\u00e9s por parte de nuestros clientes y as\u00ed ser una real contribuci\u00f3n en la soluci\u00f3n de los problemas medioambientales globales.<\/p>\n<p>[\/uncode_list][uncode_list icon=\u00bbfa fa-chevron-right\u00bb icon_color=\u00bbcolor-199093&#8243; uncode_shortcode_id=\u00bb171483&#8243; icon_color_type=\u00bbuncode-palette\u00bb]<\/p>\n<h4><strong>Interdisciplinariedad<\/strong><\/h4>\n<p style=\"line-height: 1.6em;\">La transformaci\u00f3n hacia una econom\u00eda baja en carbono es uno de los retos m\u00e1s complejos de nuestro tiempo. Una visi\u00f3n hol\u00edstica y un enfoque interdisciplinario son la clave para alcanzar verdaderos objetivos sostenibles. Por ello, <span style=\"font-family: 'Lexend Mega', sans-serif; font-weight: 600; color: #00aaff; letter-spacing: -1px;\">CARBON<\/span> <span style=\"font-family: 'Lexend Mega', sans-serif; font-weight: 600; color: #4d4d4d; letter-spacing: -1px;\">TURNAROUND<\/span>\u00a0\u00a0trabaja con un amplio equipo de diferentes disciplinas para abordar todas las dimensiones del problema de sostenibilidad.<\/p>\n<p>[\/uncode_list][uncode_list uncode_shortcode_id=\u00bb117928&#8243;]<\/p>\n<h4><strong>Experiencia<\/strong><\/h4>\n<p style=\"text-align: justify;\"><span style=\"font-family: 'Lexend Mega', sans-serif; font-weight: 600; color: #00aaff; letter-spacing: -1px;\">CARBON<\/span> <span style=\"font-family: 'Lexend Mega', sans-serif; font-weight: 600; color: #4d4d4d; letter-spacing: -1px;\">TURNAROUND <\/span>est\u00e1 formado por un equipo de expertos con una larga trayectoria en diferentes campos del sector de la sostenibilidad y el medio ambiente. Nuestra experiencia es clave para evaluar con precisi\u00f3n la situaci\u00f3n actual de nuestros clientes y para encontrar la soluci\u00f3n adecuada a beneficio de ellos y, al mismo tiempo, resolver un problema medioambiental.<\/p>\n<p>[\/uncode_list][uncode_list uncode_shortcode_id=\u00bb143944&#8243;]<\/p>\n<h4><strong>Orientados a las soluciones<\/strong><\/h4>\n<p style=\"line-height: 1.6em;\">Nuestra misi\u00f3n es ayudar a nuestros clientes a resolver sus retos medioambientales y convertirlos en l\u00edderes de la transformaci\u00f3n en sostenibilidad. Ayudamos a nuestros clientes a sacar el m\u00e1ximo partido de su proceso de transformaci\u00f3n, aprovechando sus ineficiencias de producci\u00f3n y sus potenciales tecnol\u00f3gicos. Nuestro objetivo es que nuestros clientes obtengan una robusta oportunidad de negocio sostenible.<\/p>\n<p>[\/uncode_list][\/vc_column][\/vc_row][vc_row row_height_percent=\u00bb0&#8243; back_color=\u00bbcolor-lxmt\u00bb overlay_alpha=\u00bb50&#8243; gutter_size=\u00bb3&#8243; column_width_percent=\u00bb100&#8243; shift_y=\u00bb0&#8243; z_index=\u00bb0&#8243; css=\u00bb.vc_custom_1622638278575{padding-top: 5vh !important;padding-bottom: 2vh !important;}\u00bb el_id=\u00bbconsulting-partners\u00bb][vc_column width=\u00bb1\/4&#8243;][vc_separator sep_color=\u00bbcolor-wvjs\u00bb][vc_custom_heading heading_semantic=\u00bbh1&#8243; text_size=\u00bbh1&#8243;]NUESTROS SOCIOS CONSULTORES[\/vc_custom_heading][\/vc_column][vc_column column_width_percent=\u00bb100&#8243; gutter_size=\u00bb3&#8243; overlay_alpha=\u00bb50&#8243; shift_x=\u00bb0&#8243; shift_y=\u00bb0&#8243; shift_y_down=\u00bb0&#8243; z_index=\u00bb0&#8243; medium_visibility=\u00bbyes\u00bb medium_width=\u00bb0&#8243; mobile_visibility=\u00bbyes\u00bb mobile_width=\u00bb0&#8243; width=\u00bb3\/4&#8243;][\/vc_column][\/vc_row][vc_row row_height_percent=\u00bb0&#8243; back_color=\u00bbcolor-lxmt\u00bb overlay_alpha=\u00bb50&#8243; gutter_size=\u00bb3&#8243; column_width_percent=\u00bb100&#8243; shift_y=\u00bb0&#8243; z_index=\u00bb0&#8243; css=\u00bb.vc_custom_1653473469450{padding-top: 5vh !important;padding-bottom: 5vh !important;}\u00bb uncode_shortcode_id=\u00bb340966&#8243; back_color_type=\u00bbuncode-palette\u00bb el_class=\u00bbteam\u00bb][vc_column column_width_percent=\u00bb100&#8243; gutter_size=\u00bb3&#8243; overlay_alpha=\u00bb50&#8243; shift_x=\u00bb0&#8243; shift_y=\u00bb0&#8243; shift_y_down=\u00bb0&#8243; z_index=\u00bb0&#8243; medium_width=\u00bb0&#8243; mobile_width=\u00bb0&#8243; width=\u00bb1\/3&#8243; el_class=\u00bbpartners-li\u00bb][vc_row_inner row_inner_height_percent=\u00bb0&#8243; overlay_alpha=\u00bb50&#8243; gutter_size=\u00bb3&#8243; shift_y=\u00bb0&#8243; z_index=\u00bb0&#8243; el_class=\u00bbconsulting-row\u00bb][vc_column_inner column_width_percent=\u00bb100&#8243; align_horizontal=\u00bbalign_center\u00bb gutter_size=\u00bb3&#8243; overlay_alpha=\u00bb50&#8243; shift_x=\u00bb0&#8243; shift_y=\u00bb0&#8243; shift_y_down=\u00bb0&#8243; z_index=\u00bb0&#8243; medium_width=\u00bb0&#8243; mobile_width=\u00bb0&#8243; width=\u00bb1\/1&#8243;][vc_single_image media=\u00bb1618&#8243; media_width_percent=\u00bb35&#8243; alignment=\u00bbcenter\u00bb shape=\u00bbimg-circle\u00bb css_animation=\u00bbtop-t-bottom\u00bb uncode_shortcode_id=\u00bb196229&#8243;][vc_column_text uncode_shortcode_id=\u00bb906558&#8243;]<\/p>\n<h3 style=\"text-align: center;\">Ximena Riquelme<\/h3>\n<p style=\"text-align: center;\"><strong>Control de gesti\u00f3n, pol\u00edtica p\u00fablica, g\u00e9nero e innovaci\u00f3n social<\/strong><\/p>\n<p>[\/vc_column_text][vc_column_text]<\/p>\n<p style=\"text-align: center;\"><strong><a href=\"mailto:office@carbon-turn.com\">office@carbon-turn.com<\/a><\/strong><\/p>\n<p>[\/vc_column_text][vc_icon position=\u00bbleft\u00bb icon=\u00bbfa fa-linkedin-square\u00bb icon_color=\u00bbcolor-199093&#8243; size=\u00bbfa-3x\u00bb heading_semantic=\u00bbh4&#8243; link=\u00bburl:https%3A%2F%2Fwww.linkedin.com%2Fin%2Fximenariquelme%2F|target:_blank\u00bb uncode_shortcode_id=\u00bb136249&#8243; icon_color_type=\u00bbuncode-palette\u00bb][\/vc_icon][\/vc_column_inner][\/vc_row_inner][vc_accordion sign=\u00bbplus\u00bb active_tab=\u00bb0&#8243;][vc_accordion_tab gutter_size=\u00bb2&#8243; column_padding=\u00bb2&#8243; title=\u00bbM\u00e1s\u00bb tab_id=\u00bb1654685467-1-88&#8243;][vc_column_text uncode_shortcode_id=\u00bb148444&#8243;]Ingeniera Civil Industrial, MBA y M\u00e1ster en Emprendimiento Social. Cuenta con m\u00e1s de 20 a\u00f1os de experiencia profesional asesorando a organismos gubernamentales, internacionales y universidades en el mercado Chileno.<br \/>\nInici\u00f3 su carrera profesional como consultora en desarrollo rural sostenible en el Instituto de Cooperaci\u00f3n para la Agricultura de la OEA y luego trabaj\u00f3 para diversos servicios p\u00fablicos chilenos siempre vinculada directamente con proyectos con prop\u00f3sitos contenidos en los Objetivos de Desarrollo Sostenible (ODS).<br \/>\nHa asesorado al Servicio de Cooperaci\u00f3n T\u00e9cnica de Chile, la Agencia Nacional de Investigaci\u00f3n y Desarrollo, el Ministerio de la Mujer y equidad de g\u00e9nero, el Ministerio de Obras P\u00fablicas y el Ministerio de Transportes y Telecomunicaciones, entre otros, y ha sido contraparte t\u00e9cnica en proyectos del Programa de Naciones Unidad para el Desarrollo (PNUD).<br \/>\nHa liderado e integrado equipos clave en momentos desafiantes para grandes organizaciones (con proyectos de alto impacto, con multiplicidad de stakeholders y\/o cambios estructurales).<br \/>\nAdem\u00e1s, tiene experiencia en la ejecuci\u00f3n de planes de comunicaci\u00f3n asertivas y efectivas, que incluyen vocer\u00edas, presentaciones efectivas, coordinaci\u00f3n de eventos y redacci\u00f3n de comunicados para l\u00edderes.<br \/>\nEs integrante de redes de liderazgo femenino y de pol\u00edticas p\u00fablicas. Es emprendedora social y mentora de mujeres y ONGs.<\/p>\n<p>[\/vc_column_text][\/vc_accordion_tab][\/vc_accordion][\/vc_column][vc_column column_width_percent=\u00bb100&#8243; gutter_size=\u00bb3&#8243; overlay_alpha=\u00bb50&#8243; shift_x=\u00bb0&#8243; shift_y=\u00bb0&#8243; shift_y_down=\u00bb0&#8243; z_index=\u00bb0&#8243; medium_width=\u00bb0&#8243; mobile_width=\u00bb0&#8243; width=\u00bb1\/3&#8243; el_class=\u00bbpartners-li\u00bb][vc_row_inner row_inner_height_percent=\u00bb0&#8243; overlay_alpha=\u00bb50&#8243; gutter_size=\u00bb3&#8243; shift_y=\u00bb0&#8243; z_index=\u00bb0&#8243; el_class=\u00bbconsulting-row\u00bb][vc_column_inner column_width_percent=\u00bb100&#8243; align_horizontal=\u00bbalign_center\u00bb gutter_size=\u00bb3&#8243; overlay_alpha=\u00bb50&#8243; shift_x=\u00bb0&#8243; shift_y=\u00bb0&#8243; shift_y_down=\u00bb0&#8243; z_index=\u00bb0&#8243; medium_width=\u00bb0&#8243; mobile_width=\u00bb0&#8243; width=\u00bb1\/1&#8243;][vc_single_image media=\u00bb1620&#8243; media_width_percent=\u00bb35&#8243; alignment=\u00bbcenter\u00bb shape=\u00bbimg-circle\u00bb css_animation=\u00bbtop-t-bottom\u00bb uncode_shortcode_id=\u00bb120218&#8243;][vc_column_text uncode_shortcode_id=\u00bb190337&#8243;]<\/p>\n<h3 style=\"text-align: center;\">Werner Koessler<\/h3>\n<p style=\"text-align: center;\"><b>Sostenibilidad, divulgaci\u00f3n de informaciones clim\u00e1ticas y econom\u00eda circular<\/b><\/p>\n<p>[\/vc_column_text][vc_column_text]<\/p>\n<p style=\"text-align: center;\"><strong><a href=\"mailto:office@carbon-turn.com\">office@carbon-turn.com<\/a><\/strong><\/p>\n<p>[\/vc_column_text][vc_icon position=\u00bbleft\u00bb icon=\u00bbfa fa-linkedin-square\u00bb icon_color=\u00bbcolor-199093&#8243; size=\u00bbfa-3x\u00bb heading_semantic=\u00bbh4&#8243; link=\u00bburl:https%3A%2F%2Fwww.linkedin.com%2Fin%2Fkoesslerwerner%2F|target:_blank\u00bb uncode_shortcode_id=\u00bb210466&#8243; icon_color_type=\u00bbuncode-palette\u00bb][\/vc_icon][\/vc_column_inner][\/vc_row_inner][vc_accordion sign=\u00bbplus\u00bb active_tab=\u00bb0&#8243;][vc_accordion_tab gutter_size=\u00bb2&#8243; column_padding=\u00bb2&#8243; title=\u00bbM\u00e1s\u00bb tab_id=\u00bb1654686217-1-89&#8243;][vc_column_text uncode_shortcode_id=\u00bb314000&#8243;]Werner Koessler es un especialista en gesti\u00f3n de la seguridad sanitaria y medioambiental, continuidad del negocio y sostenibilidad, con 30 a\u00f1os de experiencia en diversos sectores y empresas. Ha trabajado en Adler-Lacke, ECOTEAM, Montanwerke Brixlegg, Arbonia-Forster-Group, Novartis, Swarovski, y tambi\u00e9n muchos a\u00f1os como consultor independiente.<br \/>\nSu vocaci\u00f3n y pasi\u00f3n radica en revelar a las empresas los aspectos e impactos de la sustentabilidad, desde la percepci\u00f3n consciente e integral de sus procesos. Esto incluye \u00abmodelos de negocio circulares\u00bb, \u00abestrategias de descarbonizaci\u00f3n\u00bb, as\u00ed como \u00abgobernanza ambiental y social\u00bb a lo largo de la cadena de valor. En sus posiciones de liderazgo, fue capaz de implementar con \u00e9xito muchos proyectos complejos para mejorar el rendimiento de la sostenibilidad en empresas, como la introducci\u00f3n de sistemas de gesti\u00f3n, el establecimiento de procesos para la recopilaci\u00f3n de datos y la presentaci\u00f3n de informes de sustentabilidad integrados, iniciativas de productos y producci\u00f3n circulares, y\/o la reducci\u00f3n de las emisiones de carbono en procesos industriales.<br \/>\nWerner Koessler es ingeniero t\u00e9cnico y economista de empresas por estudios, es autor de libros y conferencista.<\/p>\n<p>[\/vc_column_text][\/vc_accordion_tab][\/vc_accordion][\/vc_column][vc_column column_width_percent=\u00bb100&#8243; gutter_size=\u00bb3&#8243; overlay_alpha=\u00bb50&#8243; shift_x=\u00bb0&#8243; shift_y=\u00bb0&#8243; shift_y_down=\u00bb0&#8243; z_index=\u00bb0&#8243; medium_width=\u00bb0&#8243; mobile_width=\u00bb0&#8243; width=\u00bb1\/3&#8243; el_class=\u00bbpartners-li\u00bb][vc_row_inner row_inner_height_percent=\u00bb0&#8243; overlay_alpha=\u00bb50&#8243; gutter_size=\u00bb3&#8243; shift_y=\u00bb0&#8243; z_index=\u00bb0&#8243; el_class=\u00bbconsulting-row\u00bb][vc_column_inner column_width_percent=\u00bb100&#8243; align_horizontal=\u00bbalign_center\u00bb gutter_size=\u00bb3&#8243; overlay_alpha=\u00bb50&#8243; shift_x=\u00bb0&#8243; shift_y=\u00bb0&#8243; shift_y_down=\u00bb0&#8243; z_index=\u00bb0&#8243; medium_width=\u00bb0&#8243; mobile_width=\u00bb0&#8243; width=\u00bb1\/1&#8243;][vc_single_image media=\u00bb1622&#8243; media_width_percent=\u00bb35&#8243; alignment=\u00bbcenter\u00bb shape=\u00bbimg-circle\u00bb css_animation=\u00bbtop-t-bottom\u00bb uncode_shortcode_id=\u00bb252330&#8243;][vc_column_text uncode_shortcode_id=\u00bb203026&#8243;]<\/p>\n<h3 style=\"text-align: center;\">Paola Masson Bottinelli<\/h3>\n<p style=\"text-align: center;\"><strong>Dise\u00f1o estrat\u00e9gico &amp; transformaci\u00f3n cultural hacia la sostenibilidad<\/strong><\/p>\n<p>[\/vc_column_text][vc_column_text]<\/p>\n<p style=\"text-align: center;\"><strong><a href=\"mailto:office@carbon-turn.com\">office@carbon-turn.com<\/a><\/strong><\/p>\n<p>[\/vc_column_text][vc_icon position=\u00bbleft\u00bb icon=\u00bbfa fa-linkedin-square\u00bb icon_color=\u00bbcolor-199093&#8243; size=\u00bbfa-3x\u00bb heading_semantic=\u00bbh4&#8243; link=\u00bburl:http%3A%2F%2Fwww.linkedin.com%2Fin%2Fpaolamassoncoaching|target:_blank\u00bb uncode_shortcode_id=\u00bb158678&#8243; icon_color_type=\u00bbuncode-palette\u00bb][\/vc_icon][\/vc_column_inner][\/vc_row_inner][vc_accordion sign=\u00bbplus\u00bb active_tab=\u00bb0&#8243;][vc_accordion_tab gutter_size=\u00bb2&#8243; column_padding=\u00bb2&#8243; title=\u00bbM\u00e1s\u00bb tab_id=\u00bb1654686348-1-56&#8243;][vc_column_text uncode_shortcode_id=\u00bb141629&#8243;]Paola Masson Bottinelli, es Ingeniera Comercial graduado en Chile, certificada como Coach Organizacional, por Universidad Adolfo Iba\u00f1ez y Newfield Network y Diplomada en Sostenibilidad Empresarial en la Universidad de Chile y Torcuato Di Tella, Argentina.<\/p>\n<p>Desde el 2018 a la fecha se ha desempe\u00f1ado como consultora independiente para organizaciones del \u00e1mbito p\u00fablico y privado, acompa\u00f1ando en el desarrollo de competencias en materias de planificaci\u00f3n estrat\u00e9gica, transformaci\u00f3n y gesti\u00f3n del cambio, en Chile, Argentina y Per\u00fa.<\/p>\n<p>Su especializaci\u00f3n profesional es la adaptaci\u00f3n de empresas y organizaciones hacia una estrategia sostenible, generando alineaci\u00f3n organizacional, definiendo focos estrat\u00e9gicos, identificando grupos de inter\u00e9s, brechas y oportunidades en la cadena de valor, identificaci\u00f3n de temas materiales, utilizando marcos internacionales; como ESG (Econ\u00f3mico, Social, Gobernanza), ODS (Objetivos de Desarrollo Sostenible), GRI (Global Reporting Initiative).<\/p>\n<p>Previo a la consultor\u00eda, su experiencia relevante se desarroll\u00f3 en el \u00e1mbito corporativo, industria de telecomunicaciones, durante 28 a\u00f1os, en materias de calidad, continuidad operacional y experiencia clientes.<br \/>\n[\/vc_column_text][\/vc_accordion_tab][\/vc_accordion][\/vc_column][\/vc_row][vc_row row_height_percent=\u00bb0&#8243; back_color=\u00bbcolor-lxmt\u00bb overlay_alpha=\u00bb50&#8243; gutter_size=\u00bb3&#8243; column_width_percent=\u00bb100&#8243; shift_y=\u00bb0&#8243; z_index=\u00bb0&#8243; css=\u00bb.vc_custom_1653473469450{padding-top: 5vh !important;padding-bottom: 5vh !important;}\u00bb uncode_shortcode_id=\u00bb340966&#8243; back_color_type=\u00bbuncode-palette\u00bb el_class=\u00bbteam\u00bb][vc_column column_width_percent=\u00bb100&#8243; gutter_size=\u00bb3&#8243; overlay_alpha=\u00bb50&#8243; shift_x=\u00bb0&#8243; shift_y=\u00bb0&#8243; shift_y_down=\u00bb0&#8243; z_index=\u00bb0&#8243; medium_width=\u00bb0&#8243; mobile_width=\u00bb0&#8243; width=\u00bb1\/3&#8243; el_class=\u00bbpartners-li\u00bb][vc_row_inner row_inner_height_percent=\u00bb0&#8243; overlay_alpha=\u00bb50&#8243; gutter_size=\u00bb3&#8243; shift_y=\u00bb0&#8243; z_index=\u00bb0&#8243; el_class=\u00bbconsulting-row\u00bb][vc_column_inner column_width_percent=\u00bb100&#8243; align_horizontal=\u00bbalign_center\u00bb gutter_size=\u00bb3&#8243; overlay_alpha=\u00bb50&#8243; shift_x=\u00bb0&#8243; shift_y=\u00bb0&#8243; shift_y_down=\u00bb0&#8243; z_index=\u00bb0&#8243; medium_width=\u00bb0&#8243; mobile_width=\u00bb0&#8243; width=\u00bb1\/1&#8243;][vc_single_image media=\u00bb1624&#8243; media_width_percent=\u00bb35&#8243; alignment=\u00bbcenter\u00bb shape=\u00bbimg-circle\u00bb css_animation=\u00bbtop-t-bottom\u00bb uncode_shortcode_id=\u00bb100868&#8243;][vc_column_text uncode_shortcode_id=\u00bb557389&#8243;]<\/p>\n<h3 style=\"text-align: center;\">Luis Felipe Ordo\u00f1ez<\/h3>\n<p style=\"text-align: center;\"><strong>Econom\u00eda circular e innovaci\u00f3n<br \/>\nsustentable<\/strong><\/p>\n<p>[\/vc_column_text][vc_column_text]<\/p>\n<p style=\"text-align: center;\"><strong><a href=\"mailto:office@carbon-turn.com\">office@carbon-turn.com<\/a><\/strong><\/p>\n<p>[\/vc_column_text][vc_icon position=\u00bbleft\u00bb icon=\u00bbfa fa-linkedin-square\u00bb icon_color=\u00bbcolor-199093&#8243; size=\u00bbfa-3x\u00bb heading_semantic=\u00bbh4&#8243; link=\u00bburl:https%3A%2F%2Fwww.linkedin.com%2Fin%2Fingluisfelipe%2F|target:_blank\u00bb uncode_shortcode_id=\u00bb126654&#8243; icon_color_type=\u00bbuncode-palette\u00bb][\/vc_icon][\/vc_column_inner][\/vc_row_inner][vc_accordion sign=\u00bbplus\u00bb active_tab=\u00bb0&#8243;][vc_accordion_tab gutter_size=\u00bb2&#8243; column_padding=\u00bb2&#8243; title=\u00bbM\u00e1s\u00bb tab_id=\u00bb1654686611-1-26&#8243;][vc_column_text uncode_shortcode_id=\u00bb579285&#8243;]Actualmente es el Director del Centro para la Econom\u00eda Circular (CEC) en Colombia.<br \/>\nEs Ingeniero Industrial con MBA de la Universidad Polit\u00e9cnica de Catalu\u00f1a y con formaci\u00f3n en Econom\u00eda Circular de la Universidad de Berkeley.<\/p>\n<p>Su experiencia profesional de m\u00e1s de 15 a\u00f1os, se ha enfocado en la consultor\u00eda de innovaci\u00f3n, acompa\u00f1ando a las empresas a desarrollar nuevas soluciones y modelos de negocio que aporten valor y que respondan a las necesidades del mercado. A partir de esta experiencia ha logrado articular la innovaci\u00f3n con la econom\u00eda circular para asesorar a las empresas y entidades en el dise\u00f1o de nuevos modelos de negocios y de soluciones que permitan eliminar y reducir los impactos ambientales generados por sus actividades.<\/p>\n<p>Consolid\u00f3 su propia empresa de frutas deshidratadas con 10 a\u00f1os de funcionamiento, con la cual dise\u00f1\u00f3 un proceso innovador de deshidrataci\u00f3n con energ\u00eda solar e implement\u00f3 estrategias pioneras para el sector Agri-Food con buenas pr\u00e1cticas de econom\u00eda circular, con las que obtuvo importantes logros comerciales y reconocimientos a nivel nacional.<\/p>\n<p>Cuenta con una amplia experiencia liderando el crecimiento de startups y emprendimientos verdes, en entidades como: Cleantechhub, Seedstars, Innpulsa, Universidad EAN, C\u00e1mara de Comercio de Bogot\u00e1, CIDET, IDOM y Universidad Industrial de Santander &#8211; UIS.<br \/>\n[\/vc_column_text][\/vc_accordion_tab][\/vc_accordion][\/vc_column][vc_column column_width_percent=\u00bb100&#8243; gutter_size=\u00bb3&#8243; overlay_alpha=\u00bb50&#8243; shift_x=\u00bb0&#8243; shift_y=\u00bb0&#8243; shift_y_down=\u00bb0&#8243; z_index=\u00bb0&#8243; medium_width=\u00bb0&#8243; mobile_width=\u00bb0&#8243; width=\u00bb1\/3&#8243; el_class=\u00bbpartners-li\u00bb][vc_row_inner row_inner_height_percent=\u00bb0&#8243; overlay_alpha=\u00bb50&#8243; gutter_size=\u00bb3&#8243; shift_y=\u00bb0&#8243; z_index=\u00bb0&#8243; el_class=\u00bbconsulting-row\u00bb][vc_column_inner column_width_percent=\u00bb100&#8243; align_horizontal=\u00bbalign_center\u00bb gutter_size=\u00bb3&#8243; overlay_alpha=\u00bb50&#8243; shift_x=\u00bb0&#8243; shift_y=\u00bb0&#8243; shift_y_down=\u00bb0&#8243; z_index=\u00bb0&#8243; medium_width=\u00bb0&#8243; mobile_width=\u00bb0&#8243; width=\u00bb1\/1&#8243;][vc_single_image media=\u00bb724&#8243; media_width_percent=\u00bb35&#8243; alignment=\u00bbcenter\u00bb shape=\u00bbimg-circle\u00bb css_animation=\u00bbtop-t-bottom\u00bb uncode_shortcode_id=\u00bb202576&#8243;][vc_column_text uncode_shortcode_id=\u00bb771833&#8243;]<\/p>\n<h3 style=\"text-align: center;\">Roberto Valladares Pagliotti<\/h3>\n<p style=\"text-align: center;\"><b>Desarrollo de negocios y estrategias<br \/>\ncomerciales\u00a0<\/b><\/p>\n<p>[\/vc_column_text][vc_column_text]<\/p>\n<p style=\"text-align: center;\"><strong><a href=\"mailto:office@carbon-turn.com\">office@carbon-turn.com<\/a><\/strong><\/p>\n<p>[\/vc_column_text][vc_icon position=\u00bbleft\u00bb icon=\u00bbfa fa-linkedin-square\u00bb icon_color=\u00bbcolor-199093&#8243; size=\u00bbfa-3x\u00bb heading_semantic=\u00bbh4&#8243; link=\u00bburl:https%3A%2F%2Fwww.linkedin.com%2Fin%2Froberto-valladares-50497a%2F|target:_blank\u00bb][\/vc_icon][\/vc_column_inner][\/vc_row_inner][vc_accordion sign=\u00bbplus\u00bb active_tab=\u00bb0&#8243;][vc_accordion_tab gutter_size=\u00bb2&#8243; column_padding=\u00bb2&#8243; title=\u00bbM\u00e1s\u00bb tab_id=\u00bb1623751104329-1-0&#8243;][vc_column_text]La experiencia de Roberto como profesional se centra en la consultor\u00eda de estrategia, ventas consultivas y consultor\u00eda de desarrollo de negocios en el sector privado en Am\u00e9rica Latina. Tiene una amplia experiencia en empresas emergentes, biotecnolog\u00eda e industrias de energ\u00edas renovables como la solar y la bioenerg\u00e9tica.<\/p>\n<p>Roberto trabaj\u00f3 durante m\u00e1s de 15 a\u00f1os en CMPC, una de las principales empresas de pulpa de celulosa y papel en Am\u00e9rica Latina. En diferentes funciones, estuvo activo en CMPC en el campo del papel tis\u00fa, la distribuci\u00f3n, el embalaje y el negocio del cart\u00f3n.<\/p>\n<p>Despu\u00e9s de dejar CMPC fue director general de CEM S.A. y m\u00e1s tarde socio director de Bioscan S.A.; una innovadora empresa de nueva creaci\u00f3n en la industria de la biotecnolog\u00eda que trabaja en tecnolog\u00eda para producir aceite verde a partir de microalgas.<\/p>\n<p>Desde hace varios a\u00f1os, su propia empresa de consultor\u00eda ALKA Partners asesora las empresas internacionales que entran en el mercado chileno, ayud\u00e1ndolas a establecer su negocio en Chile, a darles una orientaci\u00f3n estrat\u00e9gica y a realizar tanto estudios de mercado como de desarrollo de negocio.<\/p>\n<p>Adem\u00e1s de sus actividades de consultor\u00eda, actualmente se desempe\u00f1a como director del directorio de Pl\u00e1sticos Hoffens S.A. y como director-gerente del Grupo Mercados Energ\u00e9ticos Consultores S.A.<\/p>\n<p>Roberto es Ingeniero Civil de la Universidad de Chile y reside en Santiago de Chile.[\/vc_column_text][\/vc_accordion_tab][\/vc_accordion][\/vc_column][vc_column column_width_percent=\u00bb100&#8243; gutter_size=\u00bb3&#8243; overlay_alpha=\u00bb50&#8243; shift_x=\u00bb0&#8243; shift_y=\u00bb0&#8243; shift_y_down=\u00bb0&#8243; z_index=\u00bb0&#8243; medium_width=\u00bb0&#8243; mobile_width=\u00bb0&#8243; width=\u00bb1\/3&#8243; el_class=\u00bbpartners-li\u00bb][vc_row_inner row_inner_height_percent=\u00bb0&#8243; overlay_alpha=\u00bb50&#8243; gutter_size=\u00bb3&#8243; shift_y=\u00bb0&#8243; z_index=\u00bb0&#8243; el_class=\u00bbconsulting-row\u00bb uncode_shortcode_id=\u00bb324052&#8243; css=\u00bb.vc_custom_1654687003620{margin-bottom: 0px !important;padding-bottom: 0px !important;}\u00bb][vc_column_inner column_width_percent=\u00bb100&#8243; align_horizontal=\u00bbalign_center\u00bb gutter_size=\u00bb3&#8243; overlay_alpha=\u00bb50&#8243; shift_x=\u00bb0&#8243; shift_y=\u00bb0&#8243; shift_y_down=\u00bb0&#8243; z_index=\u00bb0&#8243; medium_width=\u00bb0&#8243; mobile_width=\u00bb0&#8243; width=\u00bb1\/1&#8243;][vc_single_image media=\u00bb800&#8243; media_width_percent=\u00bb35&#8243; alignment=\u00bbcenter\u00bb shape=\u00bbimg-circle\u00bb css_animation=\u00bbtop-t-bottom\u00bb uncode_shortcode_id=\u00bb461566&#8243;][vc_column_text uncode_shortcode_id=\u00bb180553&#8243;]<\/p>\n<h3 style=\"text-align: center;\">Rodrigo Navia Diez<\/h3>\n<p style=\"text-align: center;\"><strong>Desarrollo de negocios y econom\u00eda circular<\/strong><\/p>\n<p>[\/vc_column_text][vc_column_text uncode_shortcode_id=\u00bb628299&#8243; css=\u00bb.vc_custom_1654687055156{margin-bottom: 0px !important;padding-bottom: 0px !important;}\u00bb]<\/p>\n<p style=\"text-align: center;\"><strong><a href=\"mailto:office@carbon-turn.com\">office@carbon-turn.com<\/a><\/strong><\/p>\n<p>[\/vc_column_text][\/vc_column_inner][\/vc_row_inner][vc_accordion sign=\u00bbplus\u00bb active_tab=\u00bb0&#8243;][vc_accordion_tab gutter_size=\u00bb2&#8243; column_padding=\u00bb2&#8243; title=\u00bbM\u00e1s\u00bb tab_id=\u00bb1623750306-1-75&#8243;][vc_column_text]Rodrigo Navia obtuvo su t\u00edtulo de Ingeniero Qu\u00edmico en la Universidad T\u00e9cnica Federico Santa Mar\u00eda, Valpara\u00edso, Chile y su doctorado en Ciencias Mineras en la Universidad de Leoben, Austria. Sus principales \u00e1reas de investigaci\u00f3n est\u00e1n relacionadas con la tecnolog\u00eda de los residuos, la energ\u00eda y los recursos, la bioenerg\u00eda, los biomateriales y los procesos de biorrefiner\u00eda. En la actualidad es editor asociado de <em>Waste Management &amp; Research<\/em>, la revista cient\u00edfica de la Asociaci\u00f3n Internacional de Residuos S\u00f3lidos (ISWA), as\u00ed como editor ejecutivo de la revista <em>Journal of Biobased Materials and Bioenergy<\/em> de Academic Scientific Publishers (ASP) en Estados Unidos. A nivel industrial, trabaj\u00f3 cinco a\u00f1os en Corpora Tresmontes, una compa\u00f1\u00eda relevante de alimentos. Fue director de Innovaci\u00f3n y Transferencia Tecnol\u00f3gica de la UFRO. Es, actualmente, profesor titular del Departamento de Ingenier\u00eda Qu\u00edmica en la Universidad de La Frontera (UFRO) en Temuco, Chile, y adem\u00e1s se desempe\u00f1a como decano de la Facultad de Ingenier\u00eda y Ciencias.[\/vc_column_text][\/vc_accordion_tab][\/vc_accordion][\/vc_column][\/vc_row][vc_row row_height_percent=\u00bb0&#8243; overlay_alpha=\u00bb50&#8243; gutter_size=\u00bb3&#8243; column_width_percent=\u00bb100&#8243; shift_y=\u00bb0&#8243; z_index=\u00bb0&#8243; css=\u00bb.vc_custom_1622638128036{padding-top: 5vh !important;padding-bottom: 5vh !important;}\u00bb el_id=\u00bbtechnology-partners\u00bb][vc_column width=\u00bb1\/4&#8243;][vc_separator sep_color=\u00bbcolor-wvjs\u00bb][vc_custom_heading heading_semantic=\u00bbh1&#8243; text_size=\u00bbh1&#8243; uncode_shortcode_id=\u00bb179844&#8243;]Nuestros socios tecnol\u00f3gicos[\/vc_custom_heading][\/vc_column][vc_column width=\u00bb3\/4&#8243;][vc_gallery el_id=\u00bbgallery-867320&#8243; type=\u00bbcarousel\u00bb medias=\u00bb467,472,469,499,565,674,1562&#8243; carousel_lg=\u00bb4&#8243; carousel_md=\u00bb4&#8243; carousel_sm=\u00bb2&#8243; gutter_size=\u00bb3&#8243; carousel_interval=\u00bb3000&#8243; carousel_navspeed=\u00bb400&#8243; carousel_loop=\u00bbyes\u00bb stage_padding=\u00bb0&#8243; single_overlay_opacity=\u00bb50&#8243; single_padding=\u00bb2&#8243; single_border=\u00bbyes\u00bb items=\u00bbeyI0NjdfaSI6eyJzaW5nbGVfbGluayI6InVybDolMkZhYm91dC11cyUyRiUyM2NocmlzdG9mLWluZHVzdHJpZXN8dGl0bGU6Q2hyaXN0b2YlMjBJbmR1c3RyaWVzIiwic2luZ2xlX2xheW91dF9tZWRpYV9pdGVtcyI6Im1lZGlhfGN1c3RvbV9saW5rfG9yaWdpbmFsLGljb24ifSwiNDcyX2kiOnsic2luZ2xlX2xpbmsiOiJ1cmw6JTJGYWJvdXQtdXMlMkYlMjN4ZWxlY3RyaXgtcG93ZXJ8dGl0bGU6WGVsZWN0cml4Iiwic2luZ2xlX2xheW91dF9tZWRpYV9pdGVtcyI6Im1lZGlhfGN1c3RvbV9saW5rfG9yaWdpbmFsLGljb24ifSwiNDY5X2kiOnsic2luZ2xlX2xpbmsiOiJ1cmw6JTJGYWJvdXQtdXMlMkYlMjMzNTAtcmVuZXdhYmxlc3x0aXRsZTozNTAlMjByZW5ld2FibGVzIiwic2luZ2xlX2xheW91dF9tZWRpYV9pdGVtcyI6Im1lZGlhfGN1c3RvbV9saW5rfG9yaWdpbmFsLGljb24ifSwiNDk5X2kiOnsic2luZ2xlX2xpbmsiOiJ1cmw6JTJGYWJvdXQtdXMlMkYlMjNlY29jb25zdWx0YW50c3x0aXRsZTpFY28lMjBDb25zdWx0YW50cyIsInNpbmdsZV9sYXlvdXRfbWVkaWFfaXRlbXMiOiJtZWRpYXxjdXN0b21fbGlua3xvcmlnaW5hbCxpY29uIn0sIjU2NV9pIjp7InNpbmdsZV9sYXlvdXRfbWVkaWFfaXRlbXMiOiJtZWRpYXxjdXN0b21fbGlua3xvcmlnaW5hbCxpY29uIiwic2luZ2xlX2xpbmsiOiJ1cmw6JTJGYWJvdXQtdXMlMkYlMjN0dWV2LXN1ZWR8dGl0bGU6VCVDMyU5Q1YlMjBTJUMzJUJDZCJ9LCI2NzRfaSI6eyJzaW5nbGVfbGF5b3V0X21lZGlhX2l0ZW1zIjoibWVkaWF8Y3VzdG9tX2xpbmt8b3JpZ2luYWwsaWNvbiIsInNpbmdsZV9saW5rIjoidXJsOiUyRmFib3V0LXVzJTJGJTIzY2VjfHRpdGxlOkNFQyJ9fQ==\u00bb uncode_shortcode_id=\u00bb148824&#8243;][\/vc_column][\/vc_row][vc_row row_height_percent=\u00bb0&#8243; overlay_alpha=\u00bb50&#8243; gutter_size=\u00bb3&#8243; column_width_percent=\u00bb100&#8243; shift_y=\u00bb0&#8243; z_index=\u00bb0&#8243; css=\u00bb.vc_custom_1623153796704{padding-top: 5vh !important;padding-bottom: 5vh !important;}\u00bb el_id=\u00bbchristof-industries\u00bb][vc_column column_width_percent=\u00bb100&#8243; gutter_size=\u00bb3&#8243; overlay_alpha=\u00bb50&#8243; shift_x=\u00bb0&#8243; shift_y=\u00bb0&#8243; shift_y_down=\u00bb0&#8243; z_index=\u00bb0&#8243; medium_width=\u00bb0&#8243; mobile_width=\u00bb0&#8243; width=\u00bb1\/4&#8243; el_class=\u00bbcv-img-contact\u00bb][vc_single_image media=\u00bb467&#8243; media_width_percent=\u00bb100&#8243;][\/vc_column][vc_column width=\u00bb3\/4&#8243;][vc_column_text]<\/p>\n<h3 style=\"text-align: justify;\"><strong>Christof Industries<\/strong><\/h3>\n<p>Christof Industries es una empresa l\u00edder en ingenier\u00eda y construcci\u00f3n de plantas para proyectos con un alto grado de complejidad y necesidad de automatizaci\u00f3n. Desde los a\u00f1os 70, Christof Industries trabaja en soluciones tecnol\u00f3gicas innovadoras en el \u00e1mbito de la econom\u00eda circular para transformar los flujos de residuos no utilizados \u2013 que a menudo suponen una carga financiera o un problema medioambiental para la empresa productora \u2013 en subproductos \u00fatiles que pueden volver a utilizarse en el proceso de producci\u00f3n o venderse a terceros.<\/p>\n<p>17 centros de competencia distribuidos por todo el mundo est\u00e1n trabajando en las soluciones m\u00e1s avanzadas necesarias para una transformaci\u00f3n de la sostenibilidad hacia la circularidad. Estas soluciones incluyen, entre otras, granjas de insectos industriales, plantas de conversi\u00f3n de residuos en energ\u00eda, gasificaci\u00f3n de biomasa o tecnolog\u00edas de metanizaci\u00f3n de energ\u00eda a gas.<\/p>\n<p>Para <span style=\"font-family: 'Lexend Mega', sans-serif; font-weight: 600; color: #00aaff; letter-spacing: -1px;\">CARBON<\/span> <span style=\"font-family: 'Lexend Mega', sans-serif; font-weight: 600; color: #4d4d4d; letter-spacing: -1px;\">TURNAROUND<\/span>, nuestra cooperaci\u00f3n con Christof Industries nos proporciona el socio ideal para aspirar a nuestra propia visi\u00f3n de un sistema econ\u00f3mico sostenible y descarbonizado basado en la circularidad.[\/vc_column_text][vc_button button_color=\u00bbcolor-199093&#8243; radius=\u00bbbtn-square\u00bb border_animation=\u00bbbtn-ripple-out\u00bb hover_fx=\u00bbfull-colored\u00bb border_width=\u00bb0&#8243; link=\u00bburl:https%3A%2F%2Fwww.christof.com%2F|title:Contact%20us|target:_blank\u00bb]M\u00e1s[\/vc_button][\/vc_column][\/vc_row][vc_row][vc_column width=\u00bb1\/1&#8243;][vc_separator sep_color=\u00bbcolor-wvjs\u00bb][\/vc_column][\/vc_row][vc_row row_height_percent=\u00bb0&#8243; overlay_alpha=\u00bb50&#8243; gutter_size=\u00bb3&#8243; column_width_percent=\u00bb100&#8243; shift_y=\u00bb0&#8243; z_index=\u00bb0&#8243; css=\u00bb.vc_custom_1623153863022{padding-top: 5vh !important;padding-bottom: 5vh !important;}\u00bb el_id=\u00bbxelectrix-power\u00bb][vc_column column_width_percent=\u00bb100&#8243; gutter_size=\u00bb3&#8243; overlay_alpha=\u00bb50&#8243; shift_x=\u00bb0&#8243; shift_y=\u00bb0&#8243; shift_y_down=\u00bb0&#8243; z_index=\u00bb0&#8243; medium_width=\u00bb0&#8243; mobile_width=\u00bb0&#8243; width=\u00bb1\/4&#8243; el_class=\u00bbcv-img-contact\u00bb][vc_single_image media=\u00bb472&#8243; media_width_percent=\u00bb100&#8243;][\/vc_column][vc_column width=\u00bb3\/4&#8243;][vc_column_text]<\/p>\n<h3 style=\"text-align: justify;\"><strong>xelectrix Power<\/strong><\/h3>\n<p>xelectrix Power es un desarrollador austriaco de soluciones de bater\u00edas para el almacenamiento de energ\u00eda de alto voltaje dentro y fuera de la red con innovadoras bater\u00edas de iones de litio. Gracias a la trayectoria hist\u00f3rica de la empresa como proveedor de equipos para la industria minera, xelectrix Power ha desarrollado respuestas innovadoras para soluciones eficientes de almacenamiento de energ\u00eda que pueden garantizar un suministro fiable de energ\u00eda dentro y fuera de la red en los escenarios de proyectos m\u00e1s dif\u00edciles; por ejemplo, en sitios industriales, instalaciones mineras, torres de telecomunicaciones fuera de la red, proyectos fuera de la red y proyectos solares y de almacenamiento, as\u00ed como para las necesidades de infraestructura de carga de veh\u00edculos el\u00e9ctricos.<\/p>\n<p>El sistema de control de bater\u00edas desarrollado por xelectrix Power permite una perfecta integraci\u00f3n de sus soluciones de almacenamiento en bater\u00edas m\u00f3viles con los grupos electr\u00f3genos di\u00e9sel existentes y nuevos. El sistema de control permite optimizar el funcionamiento de los generadores di\u00e9sel y, por lo tanto, conduce a una reducci\u00f3n del consumo de di\u00e9sel de hasta el 40\u00a0% y a una reducci\u00f3n de los costes de mantenimiento del 50\u00a0%. Esta tecnolog\u00eda revolucionaria contribuir\u00e1 de forma significativa a reducir las emisiones de CO<sub>2<\/sub> de los innumerables grupos electr\u00f3genos di\u00e9sel de todo el mundo, principalmente en los pa\u00edses en desarrollo con una infraestructura de red d\u00e9bil y un suministro de energ\u00eda fuera de la red.<\/p>\n<p>La cooperaci\u00f3n de <span style=\"font-family: 'Lexend Mega', sans-serif; font-weight: 600; color: #00aaff; letter-spacing: -1px;\">CARBON<\/span> <span style=\"font-family: 'Lexend Mega', sans-serif; font-weight: 600; color: #4d4d4d; letter-spacing: -1px;\">TURNAROUND<\/span>\u00a0con xelectrix Power nos proporciona las respuestas adecuadas para muchos retos de descarbonizaci\u00f3n en diferentes mercados. Esto incluye soluciones, entre otras, para la integraci\u00f3n y el almacenamiento de energ\u00edas renovables, la optimizaci\u00f3n de grupos electr\u00f3genos di\u00e9sel y las estaciones de carga de veh\u00edculos el\u00e9ctricos.[\/vc_column_text][vc_button button_color=\u00bbcolor-199093&#8243; radius=\u00bbbtn-square\u00bb border_animation=\u00bbbtn-ripple-out\u00bb hover_fx=\u00bbfull-colored\u00bb border_width=\u00bb0&#8243; link=\u00bburl:https%3A%2F%2Fwww.xelectrix-power.com%2Fhome%2F|title:More|target:_blank\u00bb]M\u00e1s[\/vc_button][\/vc_column][\/vc_row][vc_row][vc_column width=\u00bb1\/1&#8243;][vc_separator sep_color=\u00bbcolor-wvjs\u00bb][\/vc_column][\/vc_row][vc_row row_height_percent=\u00bb0&#8243; overlay_alpha=\u00bb50&#8243; gutter_size=\u00bb3&#8243; column_width_percent=\u00bb100&#8243; shift_y=\u00bb0&#8243; z_index=\u00bb0&#8243; css=\u00bb.vc_custom_1623153877477{padding-top: 5vh !important;padding-bottom: 5vh !important;}\u00bb el_id=\u00bb350-renewables\u00bb][vc_column column_width_percent=\u00bb100&#8243; gutter_size=\u00bb3&#8243; overlay_alpha=\u00bb50&#8243; shift_x=\u00bb0&#8243; shift_y=\u00bb0&#8243; shift_y_down=\u00bb0&#8243; z_index=\u00bb0&#8243; medium_width=\u00bb0&#8243; mobile_width=\u00bb0&#8243; width=\u00bb1\/4&#8243; el_class=\u00bbcv-img-contact\u00bb][vc_single_image media=\u00bb469&#8243; media_width_percent=\u00bb100&#8243;][\/vc_column][vc_column width=\u00bb3\/4&#8243;][vc_column_text]<\/p>\n<h3 style=\"text-align: justify;\"><strong>350 Renewables<\/strong><\/h3>\n<p><span style=\"font-family: -apple-system, BlinkMacSystemFont, 'Segoe UI', Roboto, Oxygen-Sans, Ubuntu, Cantarell, 'Helvetica Neue', sans-serif;\">350 Renewables es una empresa boutique de ingenier\u00eda de consultor\u00eda especializada en soluciones a medida para la industria de las energ\u00edas renovables, centrada en los mercados latinoamericanos. 350 Renewables es un valioso socio de <span style=\"font-family: 'Lexend Mega', sans-serif; font-weight: 600; color: #00aaff; letter-spacing: -1px;\">CARBON<\/span> <span style=\"font-family: 'Lexend Mega', sans-serif; font-weight: 600; color: #4d4d4d; letter-spacing: -1px;\">TURNAROUND<\/span><\/span><span style=\"font-family: -apple-system, BlinkMacSystemFont, 'Segoe UI', Roboto, Oxygen-Sans, Ubuntu, Cantarell, 'Helvetica Neue', sans-serif;\">\u00a0por su flexibilidad a la hora de explorar y desarrollar soluciones innovadoras que se adaptan perfectamente a las necesidades del cliente y, al mismo tiempo, apoyan de forma significativa la transici\u00f3n energ\u00e9tica global.<\/span><\/p>\n<p>Compartimos la misma visi\u00f3n de un sistema energ\u00e9tico descarbonizado y descentralizado como pilar principal de un sistema econ\u00f3mico descarbonizado. <span style=\"font-family: 'Lexend Mega', sans-serif; font-weight: 600; color: #00aaff; letter-spacing: -1px;\">CARBON<\/span> <span style=\"font-family: 'Lexend Mega', sans-serif; font-weight: 600; color: #4d4d4d; letter-spacing: -1px;\">TURNAROUND<\/span> puede contar con el conocimiento experto del experimentado e internacional equipo de 350 Renewables como valioso apoyo para los retos t\u00e9cnicos y de ingenier\u00eda espec\u00edficos relacionados con los proyectos de descarbonizaci\u00f3n de <span style=\"font-family: 'Lexend Mega', sans-serif; font-weight: 600; color: #00aaff; letter-spacing: -1px;\">CARBON<\/span> <span style=\"font-family: 'Lexend Mega', sans-serif; font-weight: 600; color: #4d4d4d; letter-spacing: -1px;\">TURNAROUND<\/span>\u00a0para sus clientes en el campo de la generaci\u00f3n e integraci\u00f3n de energ\u00edas renovables.[\/vc_column_text][vc_button button_color=\u00bbcolor-199093&#8243; radius=\u00bbbtn-square\u00bb border_animation=\u00bbbtn-ripple-out\u00bb hover_fx=\u00bbfull-colored\u00bb border_width=\u00bb0&#8243; link=\u00bburl:http%3A%2F%2Fwww.350renewables.com%2F|title:More|target:_blank\u00bb button_color_type=\u00bbuncode-palette\u00bb uncode_shortcode_id=\u00bb142258&#8243;]M\u00e1s[\/vc_button][\/vc_column][\/vc_row][vc_row][vc_column width=\u00bb1\/1&#8243;][vc_separator sep_color=\u00bbcolor-wvjs\u00bb][\/vc_column][\/vc_row][vc_row row_height_percent=\u00bb0&#8243; overlay_alpha=\u00bb50&#8243; gutter_size=\u00bb3&#8243; column_width_percent=\u00bb100&#8243; shift_y=\u00bb0&#8243; z_index=\u00bb0&#8243; css=\u00bb.vc_custom_1623153888648{padding-top: 5vh !important;padding-bottom: 5vh !important;}\u00bb el_id=\u00bbecoconsultants\u00bb][vc_column column_width_percent=\u00bb100&#8243; gutter_size=\u00bb3&#8243; overlay_alpha=\u00bb50&#8243; shift_x=\u00bb0&#8243; shift_y=\u00bb0&#8243; shift_y_down=\u00bb0&#8243; z_index=\u00bb0&#8243; medium_width=\u00bb0&#8243; mobile_width=\u00bb0&#8243; width=\u00bb1\/4&#8243; el_class=\u00bbcv-img-contact\u00bb][vc_single_image media=\u00bb499&#8243; media_width_percent=\u00bb100&#8243;][\/vc_column][vc_column width=\u00bb3\/4&#8243;][vc_column_text]<\/p>\n<h3 style=\"text-align: justify;\"><b>ecoconsultants<\/b><\/h3>\n<p>Fundada en 1999, ecoconsultants se ha convertido en una de las principales empresas de ingenier\u00eda de consultor\u00eda en el sector medioambiental de Austria. En la actualidad, participa en numerosos y destacados proyectos nacionales en los que es preciso abordar complejas cuestiones t\u00e9cnicas medioambientales. La empresa ha demostrado en muchas ocasiones lo eficiente que puede ser la protecci\u00f3n del medio ambiente desde el punto de vista econ\u00f3mico, as\u00ed como desde el punto de vista t\u00e9cnico y legal. Como socio profesional con una visi\u00f3n y una gama completa de servicios en todas las \u00e1reas de la tecnolog\u00eda medioambiental, ecoconsultants ofrece a las empresas, autoridades e instituciones de investigaci\u00f3n, desde asesoramiento, muestreo y an\u00e1lisis hasta la preparaci\u00f3n de dict\u00e1menes periciales. Las principales competencias de ecoconsultants son la gesti\u00f3n de residuos, el reciclaje, la econom\u00eda circular, el an\u00e1lisis medioambiental, la medici\u00f3n de emisiones, la industria de la construcci\u00f3n y el desarrollo inmobiliario, la gesti\u00f3n de emplazamientos contaminados, la planificaci\u00f3n y supervisi\u00f3n de vertederos, la huella de carbono y los procedimientos de autorizaci\u00f3n medioambiental. Con su experiencia y conocimientos t\u00e9cnicos especializados, ecoconsultants es el complemento y el socio perfecto para <span style=\"font-family: 'Lexend Mega', sans-serif; font-weight: 600; color: #00aaff; letter-spacing: -1px;\">CARBON<\/span> <span style=\"font-family: 'Lexend Mega', sans-serif; font-weight: 600; color: #4d4d4d; letter-spacing: -1px;\">TURNAROUND<\/span>\u00a0con el fin de impulsar la transformaci\u00f3n a la descarbonizaci\u00f3n y la sostenibilidad de nuestros clientes.[\/vc_column_text][vc_button button_color=\u00bbcolor-199093&#8243; radius=\u00bbbtn-square\u00bb border_animation=\u00bbbtn-ripple-out\u00bb hover_fx=\u00bbfull-colored\u00bb border_width=\u00bb0&#8243; link=\u00bburl:https%3A%2F%2Fwww.umweltkonsulenten.at%2Fhome-en.html|title:More|target:_blank\u00bb]M\u00e1s[\/vc_button][\/vc_column][\/vc_row][vc_row][vc_column width=\u00bb1\/1&#8243;][vc_separator sep_color=\u00bbcolor-wvjs\u00bb][\/vc_column][\/vc_row][vc_row row_height_percent=\u00bb0&#8243; overlay_alpha=\u00bb50&#8243; gutter_size=\u00bb3&#8243; column_width_percent=\u00bb100&#8243; shift_y=\u00bb0&#8243; z_index=\u00bb0&#8243; css=\u00bb.vc_custom_1623153899630{padding-top: 5vh !important;padding-bottom: 5vh !important;}\u00bb el_id=\u00bbtuev-sued\u00bb][vc_column column_width_percent=\u00bb100&#8243; gutter_size=\u00bb3&#8243; overlay_alpha=\u00bb50&#8243; shift_x=\u00bb0&#8243; shift_y=\u00bb0&#8243; shift_y_down=\u00bb0&#8243; z_index=\u00bb0&#8243; medium_width=\u00bb0&#8243; mobile_width=\u00bb0&#8243; width=\u00bb1\/4&#8243; el_class=\u00bbcv-img-contact\u00bb][vc_single_image media=\u00bb565&#8243; media_width_percent=\u00bb100&#8243;][\/vc_column][vc_column width=\u00bb3\/4&#8243;][vc_column_text]<\/p>\n<h3 style=\"text-align: justify;\"><b>T\u00dcV S\u00fcd<\/b><\/h3>\n<p>Desde 2021, <span style=\"font-family: 'Lexend Mega', sans-serif; font-weight: 600; color: #00aaff; letter-spacing: -1px;\">CARBON<\/span> <span style=\"font-family: 'Lexend Mega', sans-serif; font-weight: 600; color: #4d4d4d; letter-spacing: -1px;\">TURNAROUND<\/span> ha establecido una cooperaci\u00f3n de trabajo con el prestigioso organismo de normalizaci\u00f3n y certificaci\u00f3n T\u00dcV S\u00dcD en el \u00e1mbito de la evaluaci\u00f3n de la sostenibilidad de los clientes corporativos. El tema de nuestra cooperaci\u00f3n es el uso de una metodolog\u00eda de evaluaci\u00f3n propia y \u00fanica desarrollada por el T\u00dcV S\u00dcD con el fin de medir y supervisar la contribuci\u00f3n de las empresas para alcanzar los Objetivos de Desarrollo Sostenible de la ONU (ODS), que fueron acordados por los estados miembros de la ONU para el a\u00f1o 2030. Los ODS son un conjunto hol\u00edstico de 17 objetivos de sostenibilidad con 169 metas y m\u00e1s de 1.500 indicadores, que abarcan aspectos medioambientales, econ\u00f3micos y sociales de la sostenibilidad. Esto hace que las mediciones fiables \u2013 tanto del impacto real actual de las actividades de las empresas como de la mejora o el deterioro resultante de las medidas aplicadas \u2013 sean extremadamente complejas. Las ONG exigen cada vez m\u00e1s datos concretos sobre la evaluaci\u00f3n de los ODS de las empresas internacionales. La metodolog\u00eda de evaluaci\u00f3n de la sostenibilidad de T\u00dcV S\u00dcD se desarroll\u00f3 para responder a la acuciante necesidad de datos tangibles y reducir la complejidad de las evaluaciones de sostenibilidad. Lo hace reduciendo las extensas y complejas fuentes de datos de los informes medioambientales a un conjunto f\u00e1cilmente observable de m\u00e9tricas clave, visualizadas en diagramas sencillos y comprensibles. <span style=\"font-family: 'Lexend Mega', sans-serif; font-weight: 600; color: #00aaff; letter-spacing: -1px;\">CARBON<\/span> <span style=\"font-family: 'Lexend Mega', sans-serif; font-weight: 600; color: #4d4d4d; letter-spacing: -1px;\">TURNAROUND<\/span>\u00a0colabora con T\u00dcV S\u00dcD en la aplicaci\u00f3n de este novedoso enfoque de evaluaci\u00f3n de la sostenibilidad con el fin de ayudar a nuestros clientes a obtener mejores respuestas sobre su situaci\u00f3n actual y sus avances en la transformaci\u00f3n hacia la sostenibilidad.[\/vc_column_text][vc_button button_color=\u00bbcolor-199093&#8243; radius=\u00bbbtn-square\u00bb border_animation=\u00bbbtn-ripple-out\u00bb hover_fx=\u00bbfull-colored\u00bb border_width=\u00bb0&#8243; link=\u00bburl:https%3A%2F%2Fwww.tuvsud.com%2Fde-de|title:More|target:_blank\u00bb button_color_type=\u00bbuncode-palette\u00bb uncode_shortcode_id=\u00bb109343&#8243;]M\u00e1s[\/vc_button][\/vc_column][\/vc_row][vc_row][vc_column width=\u00bb1\/1&#8243;][vc_separator sep_color=\u00bbcolor-wvjs\u00bb][\/vc_column][\/vc_row][vc_row row_height_percent=\u00bb0&#8243; overlay_alpha=\u00bb50&#8243; gutter_size=\u00bb3&#8243; column_width_percent=\u00bb100&#8243; shift_y=\u00bb0&#8243; z_index=\u00bb0&#8243; css=\u00bb.vc_custom_1623220062200{padding-top: 5vh !important;padding-bottom: 5vh !important;}\u00bb el_id=\u00bbcec\u00bb][vc_column column_width_percent=\u00bb100&#8243; gutter_size=\u00bb3&#8243; overlay_alpha=\u00bb50&#8243; shift_x=\u00bb0&#8243; shift_y=\u00bb0&#8243; shift_y_down=\u00bb0&#8243; z_index=\u00bb0&#8243; medium_width=\u00bb0&#8243; mobile_width=\u00bb0&#8243; width=\u00bb1\/4&#8243; el_class=\u00bbcv-img-contact\u00bb][vc_single_image media=\u00bb674&#8243; media_width_percent=\u00bb100&#8243;][\/vc_column][vc_column width=\u00bb3\/4&#8243;][vc_column_text]<\/p>\n<h3 style=\"text-align: justify;\"><b><span lang=\"ES\">Centro Econom\u00eda Circular<\/span><\/b><\/h3>\n<p>El Centro Econom\u00eda Circular (CEC) es una empresa colombiana de consultor\u00eda especializada que est\u00e1 comprometida con la promoci\u00f3n del concepto de econom\u00eda circular en el mercado colombiano.<\/p>\n<p>CEC desarrolla para sus clientes estrategias, soluciones y nuevos modelos de negocio basados en la circularidad. Les permite lograr un uso \u00f3ptimo de los recursos evitando la producci\u00f3n de residuos en su origen. El objetivo es desarrollar soluciones innovadoras para sus clientes con el fin de ayudarles en el proceso de transformaci\u00f3n hacia la sostenibilidad.<\/p>\n<p>CEC est\u00e1 compuesto por un equipo de consultores experimentados de diversas procedencias, todos ellos dedicados a la circularidad con el fin de encontrar soluciones integradas para sus clientes en funci\u00f3n de sus retos de sostenibilidad. El alcance de los servicios abarca aspectos como el desarrollo de estrategias de circularidad, el dise\u00f1o de productos circulares y la ingenier\u00eda medioambiental.<\/p>\n<p>El objetivo es descubrir el potencial de los residuos como modelo de negocio sostenible para sus clientes, impulsando as\u00ed la econom\u00eda colombiana hacia la circularidad.<\/p>\n<p><span style=\"font-family: 'Lexend Mega', sans-serif; font-weight: 600; color: #00aaff; letter-spacing: -1px;\">CARBON<\/span> <span style=\"font-family: 'Lexend Mega', sans-serif; font-weight: 600; color: #4d4d4d; letter-spacing: -1px;\">TURNAROUND<\/span> comparte con CEC una visi\u00f3n com\u00fan sobre c\u00f3mo debe ser un sistema econ\u00f3mico descarbonizado y sostenible basado en la circularidad. Por eso estamos cooperando en el mercado colombiano como socios estrat\u00e9gicos en aras de la circularidad.[\/vc_column_text][vc_button button_color=\u00bbcolor-199093&#8243; radius=\u00bbbtn-square\u00bb border_animation=\u00bbbtn-ripple-out\u00bb hover_fx=\u00bbfull-colored\u00bb border_width=\u00bb0&#8243; link=\u00bburl:https%3A%2F%2Fwww.cec.expert%2F|title:More|target:_blank\u00bb button_color_type=\u00bbuncode-palette\u00bb uncode_shortcode_id=\u00bb446398&#8243;]M\u00e1s[\/vc_button][\/vc_column][\/vc_row][vc_row][vc_column width=\u00bb1\/1&#8243;][vc_separator sep_color=\u00bbcolor-wvjs\u00bb][\/vc_column][\/vc_row][vc_row row_height_percent=\u00bb0&#8243; overlay_alpha=\u00bb50&#8243; gutter_size=\u00bb3&#8243; column_width_percent=\u00bb100&#8243; shift_y=\u00bb0&#8243; z_index=\u00bb0&#8243; css=\u00bb.vc_custom_1623220062200{padding-top: 5vh !important;padding-bottom: 5vh !important;}\u00bb el_id=\u00bbcec\u00bb][vc_column column_width_percent=\u00bb100&#8243; gutter_size=\u00bb3&#8243; overlay_alpha=\u00bb50&#8243; shift_x=\u00bb0&#8243; shift_y=\u00bb0&#8243; shift_y_down=\u00bb0&#8243; z_index=\u00bb0&#8243; medium_width=\u00bb0&#8243; mobile_width=\u00bb0&#8243; width=\u00bb1\/4&#8243; el_class=\u00bbcv-img-contact\u00bb][vc_single_image media=\u00bb1562&#8243; media_width_percent=\u00bb100&#8243; uncode_shortcode_id=\u00bb212887&#8243;][\/vc_column][vc_column width=\u00bb3\/4&#8243;][vc_column_text uncode_shortcode_id=\u00bb185858&#8243;]<\/p>\n<h3 style=\"text-align: justify;\"><b><span lang=\"ES\">Sonnenerde<\/span><\/b><\/h3>\n<p>Desde el a\u00f1o 2012 Sonnenerde est\u00e1 operando una de las primeras plantas de pir\u00f3lisis de biomasa en Europa para la producci\u00f3n de biocarb\u00f3n como fertilizante para suelos agr\u00edcolas y otros usos comerciales. Sonnenerde fue galardonada en el pasado con varios premios de sostenibilidad de gran prestigio por su innovadora instalaci\u00f3n de producci\u00f3n de biocarb\u00f3n y la diversidad de productos finales, que van desde fertilizantes para el suelo y de compost enriquecido con biocarb\u00f3n, hasta productos para la alimentaci\u00f3n animal de caballos y perros. La alta calidad de los productos y el valor agregado de los productos finales permiten una valorizaci\u00f3n muy rentable de los residuos org\u00e1nicos lignocelul\u00f3sicos para la producci\u00f3n de biocarb\u00f3n. La larga experiencia en el funcionamiento de su planta de pir\u00f3lisis y las optimizaciones del proceso conseguidas hacen que Sonnenerde sea uno de los l\u00edderes tecnol\u00f3gicos en el campo de la producci\u00f3n y uso del biocarb\u00f3n.<\/p>\n<p>Estamos muy contentos de contar con Sonnenerde como socio estrat\u00e9gico para el desarrollo del negocio del biocarb\u00f3n de <span style=\"font-family: 'Lexend Mega', sans-serif; font-weight: 600; color: #00aaff; letter-spacing: -1px;\">CARBON<\/span> <span style=\"font-family: 'Lexend Mega', sans-serif; font-weight: 600; color: #4d4d4d; letter-spacing: -1px;\">TURNAROUND<\/span>. Consideramos el biocarb\u00f3n como una tecnolog\u00eda clave para el uso de la biomasa residual con un efecto maximizado de mitigaci\u00f3n del cambio clim\u00e1tico. El uso del biocarb\u00f3n para aplicaciones no energ\u00e9ticas sigue consider\u00e1ndose la \u00fanica opci\u00f3n tecnol\u00f3gica comercialmente disponible para el secuestro activo de di\u00f3xido de carbono y desempe\u00f1ar\u00e1 un papel importante para alcanzar los objetivos del Acuerdo de Par\u00eds. La producci\u00f3n de biocarb\u00f3n tambi\u00e9n ser\u00e1 la piedra angular de una bioeconom\u00eda sostenible al transformar los residuos org\u00e1nicos en recursos sostenibles muy demandados como insumos para diferentes industrias y, paralelamente, secuestrar el di\u00f3xido de carbono.[\/vc_column_text][vc_button button_color=\u00bbcolor-199093&#8243; radius=\u00bbbtn-square\u00bb border_animation=\u00bbbtn-ripple-out\u00bb hover_fx=\u00bbfull-colored\u00bb border_width=\u00bb0&#8243; link=\u00bburl:https%3A%2F%2Fwww.sonnenerde.at%2Fde%2F|title:More|target:_blank\u00bb button_color_type=\u00bbuncode-palette\u00bb uncode_shortcode_id=\u00bb151098&#8243;]M\u00e1s[\/vc_button][\/vc_column][\/vc_row]<\/p>\n<\/div>","protected":false},"excerpt":{"rendered":"<p>[vc_row unlock_row_content=\u00bbyes\u00bb row_height_percent=\u00bb0&#8243; back_color=\u00bbcolor-lxmt\u00bb overlay_alpha=\u00bb50&#8243; equal_height=\u00bbyes\u00bb gutter_size=\u00bb3&#8243; column_width_percent=\u00bb100&#8243; shift_y=\u00bb0&#8243; z_index=\u00bb0&#8243; el_class=\u00bbrow-full\u00bb][vc_column column_width_percent=\u00bb100&#8243; gutter_size=\u00bb3&#8243; back_image=\u00bb837&#8243; back_repeat=\u00bbno-repeat\u00bb overlay_alpha=\u00bb50&#8243; shift_x=\u00bb0&#8243; shift_y=\u00bb0&#8243; shift_y_down=\u00bb0&#8243; z_index=\u00bb0&#8243; [&hellip;]<\/p>\n","protected":false},"author":3,"featured_media":0,"parent":0,"menu_order":0,"comment_status":"closed","ping_status":"closed","template":"","meta":{"footnotes":""},"class_list":["post-989","page","type-page","status-publish","hentry"],"_links":{"self":[{"href":"https:\/\/carbon-turn.com\/es\/wp-json\/wp\/v2\/pages\/989","targetHints":{"allow":["GET"]}}],"collection":[{"href":"https:\/\/carbon-turn.com\/es\/wp-json\/wp\/v2\/pages"}],"about":[{"href":"https:\/\/carbon-turn.com\/es\/wp-json\/wp\/v2\/types\/page"}],"author":[{"embeddable":true,"href":"https:\/\/carbon-turn.com\/es\/wp-json\/wp\/v2\/users\/3"}],"replies":[{"embeddable":true,"href":"https:\/\/carbon-turn.com\/es\/wp-json\/wp\/v2\/comments?post=989"}],"version-history":[{"count":30,"href":"https:\/\/carbon-turn.com\/es\/wp-json\/wp\/v2\/pages\/989\/revisions"}],"predecessor-version":[{"id":2422,"href":"https:\/\/carbon-turn.com\/es\/wp-json\/wp\/v2\/pages\/989\/revisions\/2422"}],"wp:attachment":[{"href":"https:\/\/carbon-turn.com\/es\/wp-json\/wp\/v2\/media?parent=989"}],"curies":[{"name":"wp","href":"https:\/\/api.w.org\/{rel}","templated":true}]}}